{"id":13252,"date":"2017-02-26T17:15:27","date_gmt":"2017-02-26T16:15:27","guid":{"rendered":"https:\/\/nova.arturamon.com\/mobles\/"},"modified":"2025-11-25T14:55:59","modified_gmt":"2025-11-25T13:55:59","slug":"muebles","status":"publish","type":"page","link":"https:\/\/arturamon.com\/es\/anticuario\/coleccion\/works-of-art\/muebles\/","title":{"rendered":"Muebles"},"content":{"rendered":"<script>var is_masonry=false;<\/script>    <div class=\"coeli-search-keyword\">\n\t\t    <form class=\"coeli-search-form\" action=\"\" method=\"get\">\n        <input type=\"text\" class=\"coeli-search-input\" id=\"search\" name=\"text\"\n               placeholder=\"En el entorno\"\n               value=\"\">\n        <input type=\"submit\" class=\"coeli-search-button\" value=\"Buscar\">\n\n\t\t                    <input type=\"hidden\" name=\"q\" value=\"\/es\/wp-json\/wp\/v2\/pages\/13252\">\n\t\t\t\t<input type=\"hidden\" name=\"sortby\" value=\"\">    <\/form>\n\t\t\t\t    <\/div>\n\t    <div class=\"coeli-list-results coeli-llista-37633\" id=\"coeli-list-results\">\n\t\t        <header>\n            <div class=\"coeli-num-items\"><p>                      <span>10<\/span> resultados                <\/p><\/div>\n\t\t\t        <\/header>\n        <div class=\"coeli-result-list-container coeli-result-list-container-full\">\n\t\t\t            <div class=\"coeli-list-col\">\n                <div class=\"coeli-control-results\">\n                    <form action=\"\" method=\"get\" id=\"coeli-form-order\">\n                        <label for=\"sort-result\">Ordenar por:<\/label>\n\t\t\t\t\t\t <input type=\"hidden\" name=\"q\" value=\"\/es\/wp-json\/wp\/v2\/pages\/13252\">\n        <select name=\"sortby\" id=\"sort-result\" onchange=\"sendForm()\" class=\"\">\n            <option value=\"\" >Relevancia<\/option> <option  value=\"generalData.author\">Autor<\/option> <option  value=\"generalData.authorNameInListings\">authorNameInListings<\/option> <option  value=\"generalData.title\">T\u00edtulo<\/option> <option  value=\"generalData.creationDate\">Fecha o per\u00edodo de creaci\u00f3n<\/option><\/select>\n        <select name=\"ordercoeli\" onchange=\"sendForm()\">\n            <option  value=\"ASC\">Ascendente<\/option>\n            <option  value=\"DESC\">Descendente<\/option>\n        <\/select>                    <\/form>\n                    <button type=\"button\"\n                            class=\"coeli-result-change-display result-grid-display\">Lista<\/button>\n                    <script>function sendForm() {\n                            document.getElementById(\"coeli-form-order\").submit();\n                        }\n                    <\/script>\n\t\t\t\t\t                <\/div>\n                <div class=\"coeli-mode-visualization \">\n                    <div id=\"infinite\">\n                        <ul                                 class=\"coeli-result-list  grid \">\n                            <li class=\"coeli-grid-sizer\" tabindex=\"-1\"><\/li>\n\t\t\t\t\t\t\t<li class=\"grid-item  coeli-heritageobject\" id=\"conjunt-de-sofa-i-sis-cadires\"  data-href=\"\/coeli\/AR\/HeritageObject\/550258\" data-id=\"550258\" tabindex=\"0\"><a href=\"https:\/\/arturamon.com\/es\/obra\/conjunt-de-sofa-i-sis-cadires\/\"><figure class=\"image portraitmedia-large\"><img decoding=\"async\" alt=\"Conjunto de sofa y seis sillas\" src=\"https:\/\/d19e8r2uszbscg.cloudfront.net\/public\/HeritageObject\/550258\/0c62c0b306fbc6ee91bd5481a6b68e12\/full\/large\/0\/default.jpg\"><\/figure><p class=\"coeli-generaldata-title\">Conjunto de sofa y seis sillas<\/p><p class=\"coeli-generaldata-creationdate\">Val\u00e8ncia?, mitjan segle XVIII<\/p><\/a><\/li><li class=\"grid-item  coeli-heritageobject\" id=\"arqueta-relicario\"  data-href=\"\/coeli\/AR\/HeritageObject\/DC_109011011\" data-id=\"DC_109011011\" tabindex=\"1\"><a href=\"https:\/\/arturamon.com\/es\/obra\/arqueta-relicario\/\"><figure class=\"image portraitmedia-large\"><img decoding=\"async\" alt=\"Arqueta relicario\" src=\"https:\/\/d19e8r2uszbscg.cloudfront.net\/public\/HeritageObject\/DC_109011011\/a05abdafef01f5c46ed2fabd47f3f196\/full\/large\/0\/default.jpg\"><\/figure><p class=\"coeli-generaldata-title\">Arqueta relicario<\/p><p class=\"coeli-generaldata-creationdate\">Final del segle XV<\/p><\/a><\/li><li class=\"grid-item  coeli-heritageobject\" id=\"no-venda---arcon\"  data-href=\"\/coeli\/AR\/HeritageObject\/DC_109040805\" data-id=\"DC_109040805\" tabindex=\"2\"><a href=\"https:\/\/arturamon.com\/es\/obra\/no-venda---arcon\/\"><figure class=\"image portraitmedia-large\"><img decoding=\"async\" alt=\"Arc\u00f3n con tracer\u00eda g\u00f3tica\" src=\"https:\/\/d19e8r2uszbscg.cloudfront.net\/public\/HeritageObject\/DC_109040805\/7b6e86e73cea8b0c90dd7a49f5caa6ca\/full\/large\/0\/default.jpg\"><\/figure><p class=\"coeli-generaldata-title\">Arc\u00f3n con tracer\u00eda g\u00f3tica<\/p><p class=\"coeli-generaldata-creationdate\">Primer tercio del siglo XVI<\/p><\/a><\/li><li class=\"grid-item  coeli-heritageobject\" id=\"escritorillo-de-estrado-c9a2\"  data-href=\"\/coeli\/AR\/HeritageObject\/e15a8884-2a8d-4fef-b211-d20bd5eb20d6\" data-id=\"e15a8884-2a8d-4fef-b211-d20bd5eb20d6\" tabindex=\"3\"><a href=\"https:\/\/arturamon.com\/es\/obra\/escritorillo-de-estrado-c9a2\/\"><figure class=\"image portraitmedia-large\"><img decoding=\"async\" alt=\"Escritorillo de estrado\" src=\"https:\/\/d19e8r2uszbscg.cloudfront.net\/public\/HeritageObject\/e15a8884-2a8d-4fef-b211-d20bd5eb20d6\/4e632df9e67cd4c20a39c346b208039f\/full\/large\/0\/default.jpg\"><\/figure><p class=\"coeli-generaldata-title\">Escritorillo de estrado<\/p><p class=\"coeli-generaldata-creationdate\">Segle XVII<\/p><\/a><\/li><li class=\"grid-item  coeli-heritageobject\" id=\"arqueta-amatoria-2d14\"  data-href=\"\/coeli\/AR\/HeritageObject\/a78cfc9d-071d-43ea-8350-f347720779e1\" data-id=\"a78cfc9d-071d-43ea-8350-f347720779e1\" tabindex=\"4\"><a href=\"https:\/\/arturamon.com\/es\/obra\/arqueta-amatoria-2d14\/\"><figure class=\"image portraitmedia-large\"><img decoding=\"async\" alt=\"Cofre amatorio\" src=\"https:\/\/d19e8r2uszbscg.cloudfront.net\/public\/HeritageObject\/a78cfc9d-071d-43ea-8350-f347720779e1\/c33aaf46d576f9aa05a4b6b1051476ab\/full\/large\/0\/default.jpg\"><\/figure><p class=\"coeli-generaldata-title\">Cofre amatorio<\/p><p class=\"coeli-generaldata-creationdate\">Segle XV<\/p><\/a><\/li><li class=\"grid-item  coeli-heritageobject\" id=\"paravent-82ee\"  data-href=\"\/coeli\/AR\/HeritageObject\/552814\" data-id=\"552814\" tabindex=\"5\"><a href=\"https:\/\/arturamon.com\/es\/obra\/paravent-82ee\/\"><figure class=\"image portraitmedia-large\"><img decoding=\"async\" alt=\"Biombo\" src=\"https:\/\/d19e8r2uszbscg.cloudfront.net\/public\/HeritageObject\/552814\/c6525538191a4f5e927fe538c25d027f\/full\/large\/0\/default.jpg\"><\/figure><p class=\"coeli-generaldata-title\">Biombo<\/p><p class=\"coeli-generaldata-creationdate\">Segle XVII<\/p><\/a><\/li><li class=\"grid-item  coeli-heritageobject\" id=\"escriptori-78dc\"  data-href=\"\/coeli\/AR\/HeritageObject\/553330\" data-id=\"553330\" tabindex=\"6\"><a href=\"https:\/\/arturamon.com\/es\/obra\/escriptori-78dc\/\"><figure class=\"image portraitmedia-large\"><img decoding=\"async\" alt=\"Escritorio\" src=\"https:\/\/d19e8r2uszbscg.cloudfront.net\/public\/HeritageObject\/553330\/b27ab58de3ac468af9b9b4f970c8b962\/full\/large\/0\/default.jpg\"><\/figure><p class=\"coeli-generaldata-title\">Escritorio<\/p><p class=\"coeli-generaldata-creationdate\">Mitjans del segle XVI<\/p><\/a><\/li><li class=\"grid-item  coeli-heritageobject\" id=\"calaixera-lluis-xv\"  data-href=\"\/coeli\/AR\/HeritageObject\/1b233901-37c5-49b5-9b51-dfa05a4b69c7\" data-id=\"1b233901-37c5-49b5-9b51-dfa05a4b69c7\" tabindex=\"7\"><a href=\"https:\/\/arturamon.com\/es\/obra\/calaixera-lluis-xv\/\"><figure class=\"image portraitmedia-large\"><img decoding=\"async\" alt=\"C\u00f3moda de estilo Luis XV\" src=\"https:\/\/d19e8r2uszbscg.cloudfront.net\/public\/HeritageObject\/1b233901-37c5-49b5-9b51-dfa05a4b69c7\/3d9b4404e1e4bc43d44cc89bae0dcd46\/full\/large\/0\/default.jpg\"><\/figure><p class=\"coeli-generaldata-title\">C\u00f3moda de estilo Luis XV<\/p><p class=\"coeli-generaldata-creationdate\">Siglo XVIII<\/p><\/a><\/li><li class=\"grid-item  coeli-heritageobject\" id=\"escriptori\"  data-href=\"\/coeli\/AR\/HeritageObject\/553307\" data-id=\"553307\" tabindex=\"8\"><a href=\"https:\/\/arturamon.com\/es\/obra\/escriptori\/\"><figure class=\"image portraitmedia-large\"><img decoding=\"async\" alt=\"Escritorio\" src=\"https:\/\/d19e8r2uszbscg.cloudfront.net\/public\/HeritageObject\/553307\/02577aa7f24cb3109c0d0a5895066746\/full\/large\/0\/default.jpg\"><\/figure><p class=\"coeli-generaldata-title\">Escritorio<\/p><p class=\"coeli-generaldata-creationdate\">Final del segle XVI<\/p><\/a><\/li><li class=\"grid-item  coeli-heritageobject\" id=\"no-venda---calaixera-lluis-xv\"  data-href=\"\/coeli\/AR\/HeritageObject\/543203\" data-id=\"543203\" tabindex=\"9\"><a href=\"https:\/\/arturamon.com\/es\/obra\/no-venda---calaixera-lluis-xv\/\"><figure class=\"image portraitmedia-large\"><img decoding=\"async\" alt=\"Cajonera Luis XV\" src=\"https:\/\/d19e8r2uszbscg.cloudfront.net\/public\/HeritageObject\/543203\/88740816fdd13a400582f824132231af\/full\/large\/0\/default.jpg\"><\/figure><p class=\"coeli-generaldata-title\">Cajonera Luis XV<\/p><p class=\"coeli-generaldata-creationdate\">Meitat del segle XVIII<\/p><\/a><\/li>                        <\/ul>\n                        <div class=\"colei-list-results-footer\">\n\t\t                                            <\/div>\n                    <\/div>\n\t                                <\/div>\n            <\/div>\n        <\/div>\n\n    <\/div>\n\t\n","protected":false},"excerpt":{"rendered":"","protected":false},"author":1,"featured_media":30215,"parent":13286,"menu_order":0,"comment_status":"closed","ping_status":"closed","template":"","meta":{"_acf_changed":false,"footnotes":""},"class_list":["post-13252","page","type-page","status-publish","has-post-thumbnail","hentry"],"acf":[],"_links":{"self":[{"href":"https:\/\/arturamon.com\/es\/wp-json\/wp\/v2\/pages\/13252","targetHints":{"allow":["GET"]}}],"collection":[{"href":"https:\/\/arturamon.com\/es\/wp-json\/wp\/v2\/pages"}],"about":[{"href":"https:\/\/arturamon.com\/es\/wp-json\/wp\/v2\/types\/page"}],"author":[{"embeddable":true,"href":"https:\/\/arturamon.com\/es\/wp-json\/wp\/v2\/users\/1"}],"replies":[{"embeddable":true,"href":"https:\/\/arturamon.com\/es\/wp-json\/wp\/v2\/comments?post=13252"}],"version-history":[{"count":7,"href":"https:\/\/arturamon.com\/es\/wp-json\/wp\/v2\/pages\/13252\/revisions"}],"predecessor-version":[{"id":48299,"href":"https:\/\/arturamon.com\/es\/wp-json\/wp\/v2\/pages\/13252\/revisions\/48299"}],"up":[{"embeddable":true,"href":"https:\/\/arturamon.com\/es\/wp-json\/wp\/v2\/pages\/13286"}],"wp:featuredmedia":[{"embeddable":true,"href":"https:\/\/arturamon.com\/es\/wp-json\/wp\/v2\/media\/30215"}],"wp:attachment":[{"href":"https:\/\/arturamon.com\/es\/wp-json\/wp\/v2\/media?parent=13252"}],"curies":[{"name":"wp","href":"https:\/\/api.w.org\/{rel}","templated":true}]}}