{"id":42182,"date":"2023-11-03T12:31:49","date_gmt":"2023-11-03T11:31:49","guid":{"rendered":"https:\/\/arturamon.com\/exposicio\/lart-del-buit\/"},"modified":"2025-05-22T14:48:23","modified_gmt":"2025-05-22T12:48:23","slug":"lart-del-buit","status":"publish","type":"exposicio","link":"https:\/\/arturamon.com\/es\/exposicio\/lart-del-buit\/","title":{"rendered":"El arte del vac\u00edo"},"content":{"rendered":"\n<p class=\"has-text-align-left\"><strong>Josep Llorens Artigas, Corrie Bain, Carme Balada,<br>Barbaformosa, Maria Bofill, Ruth Cepedano, Claudi Casanovas,<br>Carme Collell, Roger Coll, Rosa Cortiella, Mia Llauder, Dameon<br> Lynn, Madola, Jordi Marcet i Rosa Vila-Abadal, Nuri Negre,<br> Caterina Roma, Joan Serra, Pen\u00e9lope Vallejo<\/strong><\/p>\n\n\n\n<p>La exposici\u00f3n <em>El arte del vac\u00edo<\/em> es un recorrido cronol\u00f3gico por la obra de los <strong>ceramistas m\u00e1s destacados <\/strong>de las \u00faltimas d\u00e9cadas, comenzando por <strong>Josep Llorens Artigas<\/strong>, padre de la cer\u00e1mica catalana contempor\u00e1nea.<\/p>\n\n\n\n<p>En estas obras, los artistas presentan su particular definici\u00f3n del concepto de vac\u00edo, de la relaci\u00f3n del material, la arcilla, con el espacio que contiene o que la rodea.<br>Y es que, de hecho, ese <strong>vac\u00edo es un compa\u00f1ero silencioso de la cer\u00e1mica<\/strong> a lo largo de su historia, que es tambi\u00e9n la historia de la humanidad. Como escrib\u00eda <strong>Lao Tse<\/strong> en su tratado tao\u00edsta, en el s. VI a. C.: \u00abEl bol est\u00e1 hecho de barro vac\u00edo, y gracias a esa nada cumple su funci\u00f3n [&#8230;] As\u00ed, lo que existe sirve para ser pose\u00eddo, y lo que no es, para cumplir su funci\u00f3n.\u00bb<\/p>\n\n\n\n<div class=\"wp-block-cover has-parallax\" style=\"min-height:100vh;aspect-ratio:unset;\"><div role=\"img\" aria-label=\"Exposici\u00f3n el arte del vac\u00edo\" class=\"wp-block-cover__image-background wp-image-42157 has-parallax\" style=\"background-position:50% 50%;background-image:url(https:\/\/arturamon.com\/wp-content\/uploads\/2023\/11\/MG_3694-scaled.jpg)\"><\/div><span aria-hidden=\"true\" class=\"wp-block-cover__background has-background-dim-0 has-background-dim\"><\/span><div class=\"wp-block-cover__inner-container is-layout-flow wp-block-cover-is-layout-flow\">\n<p class=\"has-text-align-center has-large-font-size\"><\/p>\n<\/div><\/div>\n\n\n\n<p>Pero lo que comenz\u00f3 en el Neol\u00edtico como un <strong>salto de gigante en la calidad de vida <\/strong>y las posibilidades de desarrollo social sigui\u00f3 evolucionando a lo largo de los siglos, refin\u00e1ndose y adapt\u00e1ndose al gusto est\u00e9tico y las necesidades de una sociedad cada vez m\u00e1s sofisticada. Si bien en el <strong>antiguo Egipto<\/strong> ya se empleaban jarros con finalidades decorativas, fue en la <strong>antigua Grecia<\/strong> donde el recipiente cer\u00e1mico se convirti\u00f3 en un objeto de infinitas posibilidades narrativas y simb\u00f3licas: nac\u00eda la cer\u00e1mica, a caballo entre la utilidad y el <em>objet d\u2019art<\/em>, emblema del poder de les elites. Exist\u00eda una forma normativa para cada uso, y la aplicaci\u00f3n de elementos decorativos permit\u00eda desarrollar tem\u00e1ticas hist\u00f3ricas, b\u00e9licas, religiosas, etc\u00e9tera. As\u00ed, el recipiente de cer\u00e1mica pasaba a ser una <strong>pieza art\u00edstica de primer orden.<\/strong><\/p>\n\n\n\n<p>A partir de entonces, y a lo largo de los siglos, la cer\u00e1mica ha sido siempre un elemento cotidiano y utilitario; solo algunas veces ha recibido la consideraci\u00f3n de obra de arte. De hecho, <strong>cuanto m\u00e1s refinada era la cultura<\/strong>, m\u00e1s importancia ten\u00eda el objeto de barro cocido: invertir en objetos fr\u00e1giles era tambi\u00e9n una <strong>manera de demostrar poder y riqueza<\/strong>.<\/p>\n\n\n<script>var is_masonry=false;<\/script>        <div class=\" llistat coeli-list-group\">\n            <div class=\"coeli-list-results  coeli-list-agrupacions coeli-agrupacio-42161\"\n                 id=\"coeli-list-results-42161\" tabindex=\"0\">\n                <div class=\"coeli-result-list-container\">\n                    <ul class=\"coeli-result-list coeli-mode-list grid s6  \"\n                        id=\"coeli-ul-agrupacio-42161\">\n                        <li class=\"coeli-grid-sizer\" tabindex=\"-1\"><\/li>\n\t\t\t\t\t\t<li class=\"grid-item  coeli-heritageobject\" id=\"rosa-cubica-en-vermell-\"  data-href=\"\/coeli\/AR\/HeritageObject\/efc40811-154c-4c04-851c-b6e1b889f71e\" data-id=\"efc40811-154c-4c04-851c-b6e1b889f71e\" tabindex=\"0\"><a href=\"https:\/\/arturamon.com\/es\/obra\/rosa-cubica-en-vermell-\/\"><figure class=\"image portraitmedia-large\"><img decoding=\"async\" alt=\"Rosa c\u00fabica en rojo\" src=\"https:\/\/d19e8r2uszbscg.cloudfront.net\/public\/HeritageObject\/efc40811-154c-4c04-851c-b6e1b889f71e\/ee26cbab10a4750271242f2a4554d49b\/full\/large\/0\/default.jpg\"><\/figure><p class=\"coeli-generaldata-authornameinlistings\">Carme Collell<\/p><p class=\"coeli-generaldata-title\">Rosa c\u00fabica en rojo<\/p><p class=\"coeli-generaldata-creationdate\">2002<\/p><\/a><\/li><li class=\"grid-item  coeli-heritageobject\" id=\"oracle-a-cca85\"  data-href=\"\/coeli\/AR\/HeritageObject\/74c85dac-9ce7-46dd-8428-60981206e5fa\" data-id=\"74c85dac-9ce7-46dd-8428-60981206e5fa\" tabindex=\"1\"><a href=\"https:\/\/arturamon.com\/es\/obra\/oracle-a-cca85\/\"><figure class=\"image portraitmedia-large\"><img decoding=\"async\" alt=\"Or\u00e1culo A\" src=\"https:\/\/d19e8r2uszbscg.cloudfront.net\/public\/HeritageObject\/74c85dac-9ce7-46dd-8428-60981206e5fa\/f662b52a672653c9b44e8e78f877e746\/full\/large\/0\/default.jpg\"><\/figure><p class=\"coeli-generaldata-authornameinlistings\">Claudi Casanovas<\/p><p class=\"coeli-generaldata-title\">Or\u00e1culo A<\/p><p class=\"coeli-generaldata-creationdate\">2020<\/p><\/a><\/li><li class=\"grid-item  coeli-heritageobject\" id=\"trinitat-serie-30000-anys-dc\"  data-href=\"\/coeli\/AR\/HeritageObject\/1442de4e-9987-4225-a1be-e85edfe1004d\" data-id=\"1442de4e-9987-4225-a1be-e85edfe1004d\" tabindex=\"2\"><a href=\"https:\/\/arturamon.com\/es\/obra\/trinitat-serie-30000-anys-dc\/\"><figure class=\"image portraitmedia-large\"><img decoding=\"async\" alt=\"Trinidad. Serie 30.000 a\u00f1os dC\" src=\"https:\/\/d19e8r2uszbscg.cloudfront.net\/public\/HeritageObject\/1442de4e-9987-4225-a1be-e85edfe1004d\/13c7472e1f2403a130c8bb9722865860\/full\/large\/0\/default.jpg\"><\/figure><p class=\"coeli-generaldata-authornameinlistings\">Madola<\/p><p class=\"coeli-generaldata-title\">Trinidad. Serie 30.000 a\u00f1os dC<\/p><p class=\"coeli-generaldata-creationdate\">2016<\/p><\/a><\/li><li class=\"grid-item  coeli-heritageobject\" id=\"bowl\"  data-href=\"\/coeli\/AR\/HeritageObject\/4ec1d529-7db8-43a2-b419-e079f497c471\" data-id=\"4ec1d529-7db8-43a2-b419-e079f497c471\" tabindex=\"3\"><a href=\"https:\/\/arturamon.com\/es\/obra\/bowl\/\"><figure class=\"image portraitmedia-large\"><img decoding=\"async\" alt=\"Cuenco\" src=\"https:\/\/d19e8r2uszbscg.cloudfront.net\/public\/HeritageObject\/4ec1d529-7db8-43a2-b419-e079f497c471\/85639ced2fa1f062210b880d4f489dcc\/full\/large\/0\/default.jpg\"><\/figure><p class=\"coeli-generaldata-authornameinlistings\">Dameon  Lynn<\/p><p class=\"coeli-generaldata-title\">Cuenco<\/p><p class=\"coeli-generaldata-creationdate\">2019<\/p><\/a><\/li><li class=\"grid-item  coeli-heritageobject\" id=\"bowl-ad47\"  data-href=\"\/coeli\/AR\/HeritageObject\/3ca4cd59-8a1e-43c3-92dd-ef999c541e30\" data-id=\"3ca4cd59-8a1e-43c3-92dd-ef999c541e30\" tabindex=\"4\"><a href=\"https:\/\/arturamon.com\/es\/obra\/bowl-ad47\/\"><figure class=\"image portraitmedia-large\"><img decoding=\"async\" alt=\"Cuenco\" src=\"https:\/\/d19e8r2uszbscg.cloudfront.net\/public\/HeritageObject\/3ca4cd59-8a1e-43c3-92dd-ef999c541e30\/e23a3b6ea36bbd8202ef58a74918bd20\/full\/large\/0\/default.jpg\"><\/figure><p class=\"coeli-generaldata-authornameinlistings\">Dameon  Lynn<\/p><p class=\"coeli-generaldata-title\">Cuenco<\/p><p class=\"coeli-generaldata-creationdate\">2019<\/p><\/a><\/li>                    <\/ul>\n                <\/div>\n            <\/div>\n        <\/div>\n\t\t\n\n\n<p>En el recorrido de la muestra se incluyen <strong>cuatro generaciones de artistas<\/strong> que han explorado la cer\u00e1mica como principal medio de expresi\u00f3n. Si bien su obra no responde necesariamente al canon est\u00e9tico de una \u00e9poca, s\u00ed nos permite ver de qu\u00e9 manera ha ido evolucionando la cer\u00e1mica desde el momento en que se desprendi\u00f3 del legado exclusivo de la tradici\u00f3n. Artistas que empezaron en <strong>busca de nuevos caminos de expresi\u00f3n a trav\u00e9s del barro<\/strong>, hacia la modernizaci\u00f3n de la cer\u00e1mica, con nuevas pr\u00e1cticas y una mirada contempor\u00e1nea, exponen su obra al lado de las generaciones m\u00e1s j\u00f3venes, herederas de ese legado, y que al mismo tiempo siguen su propio camino de indagaci\u00f3n art\u00edstica: influencias, inspiraciones y reverberaciones que <strong>resuenan en la plenitud del vac\u00edo<\/strong>.<\/p>\n\n\n\n<figure class=\"wp-block-gallery has-nested-images columns-2 is-cropped wp-block-gallery-1 is-layout-flex wp-block-gallery-is-layout-flex\">\n<figure class=\"wp-block-image size-large\"><a href=\"https:\/\/arturamon.com\/wp-content\/uploads\/2023\/11\/MG_3536.jpg\" data-rel=\"lightbox-image-0\" data-rl_title=\"\" data-rl_caption=\"\" title=\"\"><img loading=\"lazy\" decoding=\"async\" width=\"683\" height=\"1024\" data-id=\"42168\" src=\"https:\/\/arturamon.com\/wp-content\/uploads\/2023\/11\/MG_3536-683x1024.jpg\" alt=\"Exposici\u00f3n el arte del vac\u00edo\" class=\"wp-image-42168\" srcset=\"https:\/\/arturamon.com\/wp-content\/uploads\/2023\/11\/MG_3536-683x1024.jpg 683w, https:\/\/arturamon.com\/wp-content\/uploads\/2023\/11\/MG_3536-200x300.jpg 200w, https:\/\/arturamon.com\/wp-content\/uploads\/2023\/11\/MG_3536-768x1152.jpg 768w, https:\/\/arturamon.com\/wp-content\/uploads\/2023\/11\/MG_3536-1024x1536.jpg 1024w, https:\/\/arturamon.com\/wp-content\/uploads\/2023\/11\/MG_3536.jpg 1200w\" sizes=\"auto, (max-width: 683px) 100vw, 683px\" \/><\/a><\/figure>\n\n\n\n<figure class=\"wp-block-image size-large\"><a href=\"https:\/\/arturamon.com\/wp-content\/uploads\/2023\/11\/MG_3560.jpg\" data-rel=\"lightbox-image-1\" data-rl_title=\"\" data-rl_caption=\"\" title=\"\"><img loading=\"lazy\" decoding=\"async\" width=\"683\" height=\"1024\" data-id=\"42162\" src=\"https:\/\/arturamon.com\/wp-content\/uploads\/2023\/11\/MG_3560-683x1024.jpg\" alt=\"Exposici\u00f3n el arte del vac\u00edo\" class=\"wp-image-42162\" srcset=\"https:\/\/arturamon.com\/wp-content\/uploads\/2023\/11\/MG_3560-683x1024.jpg 683w, https:\/\/arturamon.com\/wp-content\/uploads\/2023\/11\/MG_3560-200x300.jpg 200w, https:\/\/arturamon.com\/wp-content\/uploads\/2023\/11\/MG_3560-768x1152.jpg 768w, https:\/\/arturamon.com\/wp-content\/uploads\/2023\/11\/MG_3560-1024x1536.jpg 1024w, https:\/\/arturamon.com\/wp-content\/uploads\/2023\/11\/MG_3560.jpg 1200w\" sizes=\"auto, (max-width: 683px) 100vw, 683px\" \/><\/a><\/figure>\n\n\n\n<figure class=\"wp-block-image size-large\"><a href=\"https:\/\/arturamon.com\/wp-content\/uploads\/2023\/11\/MG_3470.jpg\" data-rel=\"lightbox-image-2\" data-rl_title=\"\" data-rl_caption=\"\" title=\"\"><img loading=\"lazy\" decoding=\"async\" width=\"683\" height=\"1024\" data-id=\"42170\" src=\"https:\/\/arturamon.com\/wp-content\/uploads\/2023\/11\/MG_3470-683x1024.jpg\" alt=\"arte en cer\u00e1mica\" class=\"wp-image-42170\" srcset=\"https:\/\/arturamon.com\/wp-content\/uploads\/2023\/11\/MG_3470-683x1024.jpg 683w, https:\/\/arturamon.com\/wp-content\/uploads\/2023\/11\/MG_3470-200x300.jpg 200w, https:\/\/arturamon.com\/wp-content\/uploads\/2023\/11\/MG_3470-768x1152.jpg 768w, https:\/\/arturamon.com\/wp-content\/uploads\/2023\/11\/MG_3470-1024x1536.jpg 1024w, https:\/\/arturamon.com\/wp-content\/uploads\/2023\/11\/MG_3470.jpg 1200w\" sizes=\"auto, (max-width: 683px) 100vw, 683px\" \/><\/a><\/figure>\n\n\n\n<figure class=\"wp-block-image size-large\"><a href=\"https:\/\/arturamon.com\/wp-content\/uploads\/2023\/11\/MG_3929.jpg\" data-rel=\"lightbox-image-3\" data-rl_title=\"\" data-rl_caption=\"\" title=\"\"><img loading=\"lazy\" decoding=\"async\" width=\"683\" height=\"1024\" data-id=\"42174\" src=\"https:\/\/arturamon.com\/wp-content\/uploads\/2023\/11\/MG_3929-683x1024.jpg\" alt=\"arte en cer\u00e1mica\" class=\"wp-image-42174\" srcset=\"https:\/\/arturamon.com\/wp-content\/uploads\/2023\/11\/MG_3929-683x1024.jpg 683w, https:\/\/arturamon.com\/wp-content\/uploads\/2023\/11\/MG_3929-200x300.jpg 200w, https:\/\/arturamon.com\/wp-content\/uploads\/2023\/11\/MG_3929-768x1152.jpg 768w, https:\/\/arturamon.com\/wp-content\/uploads\/2023\/11\/MG_3929-1024x1536.jpg 1024w, https:\/\/arturamon.com\/wp-content\/uploads\/2023\/11\/MG_3929.jpg 1200w\" sizes=\"auto, (max-width: 683px) 100vw, 683px\" \/><\/a><\/figure>\n<\/figure>\n\n\n\n<div class=\"wp-block-cover has-parallax\" style=\"min-height:100vh;aspect-ratio:unset;\"><div role=\"img\" aria-label=\"Exposici\u00f3n el arte del vac\u00edo - arte en cer\u00e1mica\" class=\"wp-block-cover__image-background wp-image-42177 has-parallax\" style=\"background-position:50% 50%;background-image:url(https:\/\/arturamon.com\/wp-content\/uploads\/2023\/11\/MG_3594-scaled.jpg)\"><\/div><span aria-hidden=\"true\" class=\"wp-block-cover__background has-background-dim-0 has-background-dim\"><\/span><div class=\"wp-block-cover__inner-container is-layout-flow wp-block-cover-is-layout-flow\">\n<p class=\"has-text-align-center has-large-font-size\"><\/p>\n<\/div><\/div>\n\n\n\n<p class=\"has-medium-font-size\"><strong>V\u00eddeo de la visita guiada<\/strong><\/p>\n\n\n\n<figure class=\"wp-block-embed is-type-video is-provider-vimeo wp-block-embed-vimeo wp-embed-aspect-16-9 wp-has-aspect-ratio\"><div class=\"wp-block-embed__wrapper\">\nhttps:\/\/vimeo.com\/473337450\n<\/div><\/figure>\n","protected":false},"featured_media":42156,"template":"","meta":{"_acf_changed":false},"class_list":["post-42182","exposicio","type-exposicio","status-publish","has-post-thumbnail","hentry"],"acf":[],"_links":{"self":[{"href":"https:\/\/arturamon.com\/es\/wp-json\/wp\/v2\/exposicio\/42182","targetHints":{"allow":["GET"]}}],"collection":[{"href":"https:\/\/arturamon.com\/es\/wp-json\/wp\/v2\/exposicio"}],"about":[{"href":"https:\/\/arturamon.com\/es\/wp-json\/wp\/v2\/types\/exposicio"}],"wp:featuredmedia":[{"embeddable":true,"href":"https:\/\/arturamon.com\/es\/wp-json\/wp\/v2\/media\/42156"}],"wp:attachment":[{"href":"https:\/\/arturamon.com\/es\/wp-json\/wp\/v2\/media?parent=42182"}],"curies":[{"name":"wp","href":"https:\/\/api.w.org\/{rel}","templated":true}]}}