{"id":41986,"date":"2023-10-23T13:06:27","date_gmt":"2023-10-23T11:06:27","guid":{"rendered":"https:\/\/arturamon.com\/exposicio\/laberints-i-textures\/"},"modified":"2025-05-22T14:54:58","modified_gmt":"2025-05-22T12:54:58","slug":"laberints-i-textures","status":"publish","type":"exposicio","link":"https:\/\/arturamon.com\/es\/exposicio\/laberints-i-textures\/","title":{"rendered":"Laberintos y texturas"},"content":{"rendered":"\n<p><em>Laberintos y texturas<\/em> es la <strong>nueva apuesta de Artur Ramon Art por el mundo textil<\/strong>.<\/p>\n\n\n\n<p>Presentamos a <strong>seis artistas mujeres<\/strong> &#8211; <strong>Carla Ma\u00f1osas, Aurelia Mu\u00f1oz, Francesca Pi\u00f1ol, Pilar Sala, Amparo de la Sota y Marga Xim\u00e9nez<\/strong> &#8211; que trabajan texturas y vol\u00famenes textiles con l\u00edneas sinuosas que recuerdan a un <strong>laberinto imaginario<\/strong>. <strong>Obras contempor\u00e1neas<\/strong> en analog\u00eda de grafismos con una selecci\u00f3n de grabados de <strong>Eduardo Chillida<\/strong>, tejidos africanos Kuba de finales del siglo xix, y una alfombra turca de 1800 tejida con la t\u00e9cnica de <em>soumak<\/em>.<\/p>\n\n\n\n<div class=\"wp-block-cover is-light has-parallax\" style=\"min-height:100vh;aspect-ratio:unset;\"><div role=\"img\" aria-label=\"exposici\u00f3n laberintos y texturas\" class=\"wp-block-cover__image-background wp-image-41969 has-parallax\" style=\"background-position:50% 50%;background-image:url(https:\/\/arturamon.com\/wp-content\/uploads\/2023\/10\/01-LABERINTS-0396-1-scaled.jpg)\"><\/div><span aria-hidden=\"true\" class=\"wp-block-cover__background has-background-dim-0 has-background-dim\"><\/span><div class=\"wp-block-cover__inner-container is-layout-flow wp-block-cover-is-layout-flow\">\n<p class=\"has-text-align-center has-large-font-size\"><\/p>\n<\/div><\/div>\n\n\n\n<p><em>\u201cEsta propuesta quiere dar a conocer a artistas y obras que se expresan a trav\u00e9s del lenguaje textil en el mundo de los museos y colecciones privadas, que son relevantes por su fuerza expresiva y conceptual.\u201d<\/em><br>S\u00edlvia Ventosa<\/p>\n\n\n<script>var is_masonry=false;<\/script>        <div class=\" llistat coeli-list-group\">\n            <div class=\"coeli-list-results  coeli-list-agrupacions coeli-agrupacio-41984\"\n                 id=\"coeli-list-results-41984\" tabindex=\"0\">\n                <div class=\"coeli-result-list-container\">\n                    <ul class=\"coeli-result-list coeli-mode-list grid s6  \"\n                        id=\"coeli-ul-agrupacio-41984\">\n                        <li class=\"coeli-grid-sizer\" tabindex=\"-1\"><\/li>\n\t\t\t\t\t\t<li class=\"grid-item  coeli-heritageobject\" id=\"entramats-ii\"  data-href=\"\/coeli\/AR\/HeritageObject\/345d2973-b80c-4b1d-80f7-c28a42fff468\" data-id=\"345d2973-b80c-4b1d-80f7-c28a42fff468\" tabindex=\"0\"><a href=\"https:\/\/arturamon.com\/es\/obra\/entramats-ii\/\"><figure class=\"image portraitmedia-large\"><img decoding=\"async\" alt=\"Entramados II\" src=\"https:\/\/d19e8r2uszbscg.cloudfront.net\/public\/HeritageObject\/345d2973-b80c-4b1d-80f7-c28a42fff468\/777bf471c5563ae3b1c507751cebdb91\/full\/large\/0\/default.jpg\"><\/figure><p class=\"coeli-generaldata-authornameinlistings\">Amparo de la  Sota<\/p><p class=\"coeli-generaldata-title\">Entramados II<\/p><p class=\"coeli-generaldata-creationdate\">2007<\/p><\/a><\/li><li class=\"grid-item  coeli-heritageobject\" id=\"mapa-iii\"  data-href=\"\/coeli\/AR\/HeritageObject\/965ae7a5-ef89-4221-bbbd-84713086cc22\" data-id=\"965ae7a5-ef89-4221-bbbd-84713086cc22\" tabindex=\"1\"><a href=\"https:\/\/arturamon.com\/es\/obra\/mapa-iii\/\"><figure class=\"image portraitmedia-large\"><img decoding=\"async\" alt=\"Mapa III\" src=\"https:\/\/d19e8r2uszbscg.cloudfront.net\/public\/HeritageObject\/965ae7a5-ef89-4221-bbbd-84713086cc22\/32e18a401216813d28bb5993ca512720\/full\/large\/0\/default.jpg\"><\/figure><p class=\"coeli-generaldata-authornameinlistings\">Amparo de la  Sota<\/p><p class=\"coeli-generaldata-title\">Mapa III<\/p><p class=\"coeli-generaldata-creationdate\">2018<\/p><\/a><\/li><li class=\"grid-item  coeli-heritageobject\" id=\"hutsune-i-buit\"  data-href=\"\/coeli\/AR\/HeritageObject\/540467\" data-id=\"540467\" tabindex=\"2\"><a href=\"https:\/\/arturamon.com\/es\/obra\/hutsune-i-buit\/\"><figure class=\"image portraitmedia-large\"><img decoding=\"async\" alt=\"Hutsune I (Vac\u00edo)\" src=\"https:\/\/d19e8r2uszbscg.cloudfront.net\/public\/HeritageObject\/540467\/91a57535c14e7c51d407349b418156f9\/full\/large\/0\/default.jpg\"><\/figure><p class=\"coeli-generaldata-authornameinlistings\">Eduardo Chillida<\/p><p class=\"coeli-generaldata-title\">Hutsune I (Vac\u00edo)<\/p><p class=\"coeli-generaldata-creationdate\">1968<\/p><\/a><\/li><li class=\"grid-item  coeli-heritageobject\" id=\"zapatu-premsar\"  data-href=\"\/coeli\/AR\/HeritageObject\/540475\" data-id=\"540475\" tabindex=\"3\"><a href=\"https:\/\/arturamon.com\/es\/obra\/zapatu-premsar\/\"><figure class=\"image portraitmedia-large\"><img decoding=\"async\" alt=\"Zapatu (Prensar)\" src=\"https:\/\/d19e8r2uszbscg.cloudfront.net\/public\/HeritageObject\/540475\/b0ad1a76cc858349a413edc552676882\/full\/large\/0\/default.jpg\"><\/figure><p class=\"coeli-generaldata-authornameinlistings\">Eduardo Chillida<\/p><p class=\"coeli-generaldata-title\">Zapatu (Prensar)<\/p><p class=\"coeli-generaldata-creationdate\">1972<\/p><\/a><\/li><li class=\"grid-item  coeli-heritageobject\" id=\"saturn\"  data-href=\"\/coeli\/AR\/HeritageObject\/542702\" data-id=\"542702\" tabindex=\"4\"><a href=\"https:\/\/arturamon.com\/es\/obra\/saturn\/\"><figure class=\"image portraitmedia-large\"><img decoding=\"async\" alt=\"Saturno\" src=\"https:\/\/d19e8r2uszbscg.cloudfront.net\/public\/HeritageObject\/542702\/27080d51ef4d2b623698892c484e1490\/full\/large\/0\/default.jpg\"><\/figure><p class=\"coeli-generaldata-authornameinlistings\">Eduardo Chillida<\/p><p class=\"coeli-generaldata-title\">Saturno<\/p><p class=\"coeli-generaldata-creationdate\">1994<\/p><\/a><\/li>                    <\/ul>\n                <\/div>\n            <\/div>\n        <\/div>\n\t\t\n\n\n<p><strong>Carla Ma\u00f1osas<\/strong> (Sant Cugat del Vall\u00e8s, 1992) se gradu\u00f3 en Artes y Dise\u00f1o en la Escuela Massana de Barcelona, donde obtuvo la menci\u00f3n de Artes Aplicadas. Se ha especializado en el arte del tejido con diferentes pr\u00e1cticas en Par\u00eds y en Dinamarca. La naturaleza es la fuente que inspira su trabajo, basado en la observaci\u00f3n y la interpretaci\u00f3n de las formas existentes. El tejido es el material que act\u00faa de enlace entre el artista y el espacio intervenido, creando un juego de relaciones y valores, un v\u00ednculo de uni\u00f3n y respeto hacia otros ritmos biol\u00f3gicos diferentes al nuestro. Aunque est\u00e1 al principio de su carrera, ya ha expuesto en varias ciudades de Espa\u00f1a y Portugal.<\/p>\n\n\n\n<p><strong>Aur\u00e8lia Mu\u00f1oz<\/strong> (Barcelona, 1926&nbsp;\u2013&nbsp;2011) se form\u00f3 en el Instituto Montserrat, en la Escuela de Artes Aplicadas y Oficios Art\u00edsticos y en la Escuela Massana de Barcelona. Se aproxim\u00f3 al arte del tejido hacia los a\u00f1os sesenta, cuando empez\u00f3 a pintar la arpillera. En los setenta emprendi\u00f3 una tarea de reivindicaci\u00f3n de la artesan\u00eda y del tejido como formas de expresi\u00f3n cultural y art\u00edstica. El proceso de investigaci\u00f3n, una b\u00fasqueda casi obsesiva, ha sido siempre la base de su trabajo, caracterizado por una reinterpretaci\u00f3n de las t\u00e9cnicas artesanales que eleva el macram\u00e9, el <em>patchwork<\/em>, los tapices e incluso el origami japon\u00e9s a una forma de arte vanguardista y abstracta. Artista m\u00e1s que consagrada, su obra se encuentra en los principales museos del mundo, entre ellos el Museo de Arte Moderno de Kioto, el Instituto de Arte de Chicago, el Museo de Arte de Cleveland, el Museo Nacional Centro de Arte Reina Sof\u00eda de Madrid y la colecci\u00f3n del emir de Dubai.<\/p>\n\n\n\n<div class=\"wp-block-cover is-light has-parallax\" style=\"min-height:100vh;aspect-ratio:unset;\"><div role=\"img\" aria-label=\"exposici\u00f3n laberintos y texturas\" class=\"wp-block-cover__image-background wp-image-41972 has-parallax\" style=\"background-position:50% 50%;background-image:url(https:\/\/arturamon.com\/wp-content\/uploads\/2023\/10\/01-LABERINTS-0373-scaled.jpg)\"><\/div><span aria-hidden=\"true\" class=\"wp-block-cover__background has-background-dim-0 has-background-dim\"><\/span><div class=\"wp-block-cover__inner-container is-layout-flow wp-block-cover-is-layout-flow\">\n<p class=\"has-text-align-center has-large-font-size\"><\/p>\n<\/div><\/div>\n\n\n\n<p><strong>Francesca Pi\u00f1ol<\/strong> se licenci\u00f3 en Antropolog\u00eda y curs\u00f3 m\u00e1steres en Dise\u00f1o textil (UPC) y Estudios africanos (URV). Desde 1999 es profesora de arte y t\u00e9cnicas textiles en el Centro de Arte y Dise\u00f1o de la Escuela Massana de Barcelona. Asocia el arte con la neurociencia, y en 2018 obtuvo una menci\u00f3n de honor en el concurso internacional Art of Neuroscience. Su obra se distingue por la combinaci\u00f3n de colores, texturas, formas y s\u00edmbolos, y por la fascinaci\u00f3n del entrelazado de diversidades. T\u00e9cnicamente trabaja con telares de bajo lizo, desde los m\u00e1s sencillos hasta los de lazos, de damasco y de jacquard; eso le permite dibujar trazos y formas en el mismo tejido, utilizando las diferentes texturas surgidas a partir del contraste entre las ligaduras y los hilos de colores. Ha expuesto en Francia, Italia, Egipto, Portugal, Dinamarca y otros pa\u00edses, adem\u00e1s de Espa\u00f1a.<\/p>\n\n\n\n<p><strong>Amparo de la Sota<\/strong> (Madrid, 1963) es hija de artistas, y por lo tanto comenz\u00f3 muy pronto su formaci\u00f3n art\u00edstica. Construye sus obras con piezas irregulares de telas viejas, a veces rotas y gastadas, recuperadas del pasado y transformadas en nuevas realidades. Se sirve de hilos y urdimbres para desarrollar composiciones abstractas complejas, laberintos que se confunden y equilibran sobre el plano dando lugar a ritmos y secuencias geom\u00e9tricas, armonizadas por un cromatismo sereno. Ha expuesto en Espa\u00f1a, Portugal, Ucrania, M\u00e9xico y Uruguay.<\/p>\n\n\n\n<div class=\"wp-block-cover has-parallax\" style=\"min-height:100vh;aspect-ratio:unset;\"><div role=\"img\" aria-label=\"exposici\u00f3n laberintos y texturas\" class=\"wp-block-cover__image-background wp-image-41975 has-parallax\" style=\"background-position:50% 50%;background-image:url(https:\/\/arturamon.com\/wp-content\/uploads\/2023\/10\/01-LABERINTS-0370-scaled.jpg)\"><\/div><span aria-hidden=\"true\" class=\"wp-block-cover__background has-background-dim-0 has-background-dim\"><\/span><div class=\"wp-block-cover__inner-container is-layout-flow wp-block-cover-is-layout-flow\">\n<p class=\"has-text-align-center has-large-font-size\"><\/p>\n<\/div><\/div>\n\n\n\n<p><strong>Pilar Sala<\/strong> (Lorca, 1942) estudi\u00f3 Farmacia y a trav\u00e9s de los seminarios del cr\u00edtico Kevin Power y del profesor Francisco Jarauta se inici\u00f3 en el mundo del arte. Su trabajo consiste en la producci\u00f3n de tapices contempor\u00e1neos y de tejidos de alto lizo, y en la fabricaci\u00f3n manual de papel, trabajando a partir de fibras de celulosa de plantas. Con una visi\u00f3n muy personal, transforma sus texturas vegetales en instalaciones, esculturas, <em>collages,<\/em> libros de artista y poemas visuales. Utiliza su arte para sensibilizar a la sociedad, en especial con respecto a las problem\u00e1ticas del medio ambiente y la b\u00fasqueda de la libertad. En 1980 obtuvo una menci\u00f3n de honor en el I Premio Nacional de Tapiz de Aranjuez, y en 1989 fue representante espa\u00f1ola en el VI Simposio Internacional de Tapicer\u00eda de Graz (Austria). Ha expuesto en B\u00e9lgica, Alemania, Taiw\u00e1n, Rusia y Dinamarca, entre otros pa\u00edses.<\/p>\n\n\n\n<p><strong>Marga Xim\u00e9nez<\/strong> (Barcelona, 1950) es artista pl\u00e1stica, escultora, gestora cultural, ilustradora de libros y docente de t\u00e9cnicas textiles en la Facultad de Bellas Artes de Barcelona. Su obra, eminentemente escult\u00f3rica, propone una reflexi\u00f3n sobre la propia identidad, e introduce el concepto de heter\u00f3nimo a partir de una multiplicidad de identidades. Feminista activa, sus trabajos tambi\u00e9n plantean una profunda reflexi\u00f3n sobre la condici\u00f3n femenina ante la vida y la muerte. Ha expuesto en Espa\u00f1a, Suiza, Polonia y Dinamarca, entre otros pa\u00edses. Premio Nacional de Dise\u00f1o de Estampados. Ha participado en las bienales de Lausana, Polonia y Vicenza.<\/p>\n\n\n\n<div class=\"wp-block-cover has-parallax\" style=\"min-height:100vh;aspect-ratio:unset;\"><div role=\"img\" aria-label=\"exposici\u00f3n laberintos y texturas\" class=\"wp-block-cover__image-background wp-image-41978 has-parallax\" style=\"background-position:50% 50%;background-image:url(https:\/\/arturamon.com\/wp-content\/uploads\/2023\/10\/01-LABERINTS-0401-scaled.jpg)\"><\/div><span aria-hidden=\"true\" class=\"wp-block-cover__background has-background-dim-0 has-background-dim\"><\/span><div class=\"wp-block-cover__inner-container is-layout-flow wp-block-cover-is-layout-flow\">\n<p class=\"has-text-align-center has-large-font-size\"><\/p>\n<\/div><\/div>\n\n\n\n<figure class=\"wp-block-gallery has-nested-images columns-2 is-cropped wp-block-gallery-1 is-layout-flex wp-block-gallery-is-layout-flex\">\n<figure class=\"wp-block-image size-large\"><a href=\"https:\/\/arturamon.com\/wp-content\/uploads\/2023\/11\/01-LABERINTS-0397.jpg\" data-rel=\"lightbox-image-0\" data-rl_title=\"\" data-rl_caption=\"\" title=\"\"><img loading=\"lazy\" decoding=\"async\" width=\"1024\" height=\"683\" data-id=\"42012\" src=\"https:\/\/arturamon.com\/wp-content\/uploads\/2023\/11\/01-LABERINTS-0397.jpg\" alt=\"\" class=\"wp-image-42012\" srcset=\"https:\/\/arturamon.com\/wp-content\/uploads\/2023\/11\/01-LABERINTS-0397.jpg 1024w, https:\/\/arturamon.com\/wp-content\/uploads\/2023\/11\/01-LABERINTS-0397-300x200.jpg 300w, https:\/\/arturamon.com\/wp-content\/uploads\/2023\/11\/01-LABERINTS-0397-768x512.jpg 768w\" sizes=\"auto, (max-width: 1024px) 100vw, 1024px\" \/><\/a><\/figure>\n\n\n\n<figure class=\"wp-block-image size-large\"><a href=\"https:\/\/arturamon.com\/wp-content\/uploads\/2023\/11\/01-LABERINTS-0391.jpg\" data-rel=\"lightbox-image-1\" data-rl_title=\"\" data-rl_caption=\"\" title=\"\"><img loading=\"lazy\" decoding=\"async\" width=\"1024\" height=\"683\" data-id=\"42024\" src=\"https:\/\/arturamon.com\/wp-content\/uploads\/2023\/11\/01-LABERINTS-0391.jpg\" alt=\"\" class=\"wp-image-42024\" srcset=\"https:\/\/arturamon.com\/wp-content\/uploads\/2023\/11\/01-LABERINTS-0391.jpg 1024w, https:\/\/arturamon.com\/wp-content\/uploads\/2023\/11\/01-LABERINTS-0391-300x200.jpg 300w, https:\/\/arturamon.com\/wp-content\/uploads\/2023\/11\/01-LABERINTS-0391-768x512.jpg 768w\" sizes=\"auto, (max-width: 1024px) 100vw, 1024px\" \/><\/a><\/figure>\n\n\n\n<figure class=\"wp-block-image size-large\"><a href=\"https:\/\/arturamon.com\/wp-content\/uploads\/2023\/11\/01-LABERINTS-0387.jpg\" data-rel=\"lightbox-image-2\" data-rl_title=\"\" data-rl_caption=\"\" title=\"\"><img loading=\"lazy\" decoding=\"async\" width=\"1024\" height=\"683\" data-id=\"42021\" src=\"https:\/\/arturamon.com\/wp-content\/uploads\/2023\/11\/01-LABERINTS-0387.jpg\" alt=\"\" class=\"wp-image-42021\" srcset=\"https:\/\/arturamon.com\/wp-content\/uploads\/2023\/11\/01-LABERINTS-0387.jpg 1024w, https:\/\/arturamon.com\/wp-content\/uploads\/2023\/11\/01-LABERINTS-0387-300x200.jpg 300w, https:\/\/arturamon.com\/wp-content\/uploads\/2023\/11\/01-LABERINTS-0387-768x512.jpg 768w\" sizes=\"auto, (max-width: 1024px) 100vw, 1024px\" \/><\/a><\/figure>\n\n\n\n<figure class=\"wp-block-image size-large\"><a href=\"https:\/\/arturamon.com\/wp-content\/uploads\/2023\/11\/01-LABERINTS-0371.jpg\" data-rel=\"lightbox-image-3\" data-rl_title=\"\" data-rl_caption=\"\" title=\"\"><img loading=\"lazy\" decoding=\"async\" width=\"1024\" height=\"683\" data-id=\"42018\" src=\"https:\/\/arturamon.com\/wp-content\/uploads\/2023\/11\/01-LABERINTS-0371.jpg\" alt=\"\" class=\"wp-image-42018\" srcset=\"https:\/\/arturamon.com\/wp-content\/uploads\/2023\/11\/01-LABERINTS-0371.jpg 1024w, https:\/\/arturamon.com\/wp-content\/uploads\/2023\/11\/01-LABERINTS-0371-300x200.jpg 300w, https:\/\/arturamon.com\/wp-content\/uploads\/2023\/11\/01-LABERINTS-0371-768x512.jpg 768w\" sizes=\"auto, (max-width: 1024px) 100vw, 1024px\" \/><\/a><\/figure>\n\n\n\n<figure class=\"wp-block-image size-large\"><a href=\"https:\/\/arturamon.com\/wp-content\/uploads\/2023\/11\/01-LABERINTS-0372.jpg\" data-rel=\"lightbox-image-4\" data-rl_title=\"\" data-rl_caption=\"\" title=\"\"><img loading=\"lazy\" decoding=\"async\" width=\"1024\" height=\"683\" data-id=\"42015\" src=\"https:\/\/arturamon.com\/wp-content\/uploads\/2023\/11\/01-LABERINTS-0372.jpg\" alt=\"\" class=\"wp-image-42015\" srcset=\"https:\/\/arturamon.com\/wp-content\/uploads\/2023\/11\/01-LABERINTS-0372.jpg 1024w, https:\/\/arturamon.com\/wp-content\/uploads\/2023\/11\/01-LABERINTS-0372-300x200.jpg 300w, https:\/\/arturamon.com\/wp-content\/uploads\/2023\/11\/01-LABERINTS-0372-768x512.jpg 768w\" sizes=\"auto, (max-width: 1024px) 100vw, 1024px\" \/><\/a><\/figure>\n<\/figure>\n","protected":false},"featured_media":41962,"template":"","meta":{"_acf_changed":false},"class_list":["post-41986","exposicio","type-exposicio","status-publish","has-post-thumbnail","hentry"],"acf":[],"_links":{"self":[{"href":"https:\/\/arturamon.com\/es\/wp-json\/wp\/v2\/exposicio\/41986","targetHints":{"allow":["GET"]}}],"collection":[{"href":"https:\/\/arturamon.com\/es\/wp-json\/wp\/v2\/exposicio"}],"about":[{"href":"https:\/\/arturamon.com\/es\/wp-json\/wp\/v2\/types\/exposicio"}],"wp:featuredmedia":[{"embeddable":true,"href":"https:\/\/arturamon.com\/es\/wp-json\/wp\/v2\/media\/41962"}],"wp:attachment":[{"href":"https:\/\/arturamon.com\/es\/wp-json\/wp\/v2\/media?parent=41986"}],"curies":[{"name":"wp","href":"https:\/\/api.w.org\/{rel}","templated":true}]}}